{"id":66100,"date":"2026-07-24T10:10:53","date_gmt":"2026-07-24T08:10:53","guid":{"rendered":"https:\/\/www.thevandal.be\/?post_type=product&#038;p=66100"},"modified":"2026-08-03T09:36:07","modified_gmt":"2026-08-03T07:36:07","slug":"the-legends-box-tom-boonen","status":"publish","type":"product","link":"https:\/\/www.thevandal.be\/fr\/shop\/extras\/herfst-winter-26-27\/the-legends-box-tom-boonen\/","title":{"rendered":"The Legends Box : Tom Boonen"},"content":{"rendered":"","protected":false},"excerpt":{"rendered":"<div>\n<h1 class=\"x_PDq2pG_selectionAnchorContainer\">TOM BOONEN \u2013 COLLECTION LEGENDS<\/h1>\n<h2>Certains coureurs remportent des courses. Les l\u00e9gendes marquent l'histoire.<\/h2>\n<p>Tom Boonen est bien plus qu'un simple grand coureur de classiques de tous les temps. Il est devenu le visage d'une g\u00e9n\u00e9ration et, gr\u00e2ce \u00e0 sa puissance, son explosivit\u00e9 et son charisme in\u00e9gal\u00e9s, une ic\u00f4ne du cyclisme belge. Ses victoires \u00e0 Paris-Roubaix et au Tour des Flandres comptent parmi les moments les plus l\u00e9gendaires du cyclisme.<\/p>\n<p>Avec le\u00a0<strong>Tom Boonen \u00c9dition L\u00e9gendaire<\/strong>\u00a0Nous rendons hommage \u00e0 un coureur qui a marqu\u00e9 \u00e0 jamais l'histoire de cette course.<\/p>\n<p>Cette illustration exclusive a \u00e9t\u00e9 r\u00e9alis\u00e9e \u00e0 la main et raconte l'histoire de l'une des victoires les plus m\u00e9morables de Boonen. Chaque d\u00e9tail fait r\u00e9f\u00e9rence \u00e0 ce moment embl\u00e9matique o\u00f9 il est entr\u00e9 dans l'histoire et fait de ce t-shirt bien plus qu'un simple v\u00eatement : c'est un objet de collection pour tous ceux qui ont \u00e0 c\u0153ur le cyclisme.<\/p>\n<p>Ce t-shirt est fabriqu\u00e9 au Portugal \u00e0 partir de coton biologique de haute qualit\u00e9 et agr\u00e9ment\u00e9 de d\u00e9tails haut de gamme qui lui conf\u00e8rent un aspect luxueux et un confort exceptionnel. Sa qualit\u00e9 robuste, ses finitions soign\u00e9es et sa coupe intemporelle en font un v\u00eatement qui durera des ann\u00e9es.<\/p>\n<p>Chaque Legends Edition est livr\u00e9e dans un luxueux coffret noir mat \u00e0 fermeture magn\u00e9tique, sp\u00e9cialement con\u00e7u pour cette collection. \u00c0 l'int\u00e9rieur du coffret, vous trouverez un certificat d'authenticit\u00e9 num\u00e9rot\u00e9 ainsi que l'histoire de la victoire l\u00e9gendaire qui a inspir\u00e9 le design. Chaque \u00e9dition devient ainsi une pi\u00e8ce de collection unique.<\/p>\n<p><strong>Production en s\u00e9rie limit\u00e9e. Num\u00e9rot\u00e9 individuellement. Con\u00e7u pour les passionn\u00e9s d'histoire du cyclisme, de savoir-faire et d'exclusivit\u00e9.<\/strong><\/p>\n<h3>Portez la l\u00e9gende. Pr\u00e9servez l'histoire.<\/h3>\n<\/div>","protected":false},"featured_media":66107,"template":"","meta":{"_acf_changed":false},"product_brand":[],"product_cat":[645],"product_tag":[],"class_list":["post-66100","product","type-product","status-publish","has-post-thumbnail","product_cat-herfst-winter-26-27","first","instock","taxable","shipping-taxable","purchasable","product-type-variable","has-default-attributes"],"acf":[],"_links":{"self":[{"href":"https:\/\/www.thevandal.be\/fr\/wp-json\/wp\/v2\/product\/66100","targetHints":{"allow":["GET"]}}],"collection":[{"href":"https:\/\/www.thevandal.be\/fr\/wp-json\/wp\/v2\/product"}],"about":[{"href":"https:\/\/www.thevandal.be\/fr\/wp-json\/wp\/v2\/types\/product"}],"wp:featuredmedia":[{"embeddable":true,"href":"https:\/\/www.thevandal.be\/fr\/wp-json\/wp\/v2\/media\/66107"}],"wp:attachment":[{"href":"https:\/\/www.thevandal.be\/fr\/wp-json\/wp\/v2\/media?parent=66100"}],"wp:term":[{"taxonomy":"product_brand","embeddable":true,"href":"https:\/\/www.thevandal.be\/fr\/wp-json\/wp\/v2\/product_brand?post=66100"},{"taxonomy":"product_cat","embeddable":true,"href":"https:\/\/www.thevandal.be\/fr\/wp-json\/wp\/v2\/product_cat?post=66100"},{"taxonomy":"product_tag","embeddable":true,"href":"https:\/\/www.thevandal.be\/fr\/wp-json\/wp\/v2\/product_tag?post=66100"}],"curies":[{"name":"wp","href":"https:\/\/api.w.org\/{rel}","templated":true}]}}